{"id":107,"date":"2022-06-29T22:12:39","date_gmt":"2022-06-29T20:12:39","guid":{"rendered":"https:\/\/balance.lu\/wordpress\/?page_id=107"},"modified":"2022-09-27T13:20:15","modified_gmt":"2022-09-27T11:20:15","slug":"documents-utiles","status":"publish","type":"page","link":"https:\/\/balance.lu\/wordpress\/documents-utiles\/","title":{"rendered":"Documents utiles"},"content":{"rendered":"\n<style type=\"text\/css\" data-created_by=\"avia_inline_auto\" id=\"style-css-av-20rx7n-ddb67c6bbe9cc84ef596b7e5d550143b\">\n.avia-section.av-20rx7n-ddb67c6bbe9cc84ef596b7e5d550143b{\nmargin-top:0px;\nmargin-bottom:0px;\n}\n.avia-section.av-20rx7n-ddb67c6bbe9cc84ef596b7e5d550143b .av-parallax .av-parallax-inner{\nbackground-repeat:no-repeat;\nbackground-image:url(https:\/\/balance.lu\/wordpress\/wp-content\/uploads\/2022\/06\/Skyline_Luxembourg_LXB_Gestion_Balance_2000x850_WH.jpg);\nbackground-position:50% 0%;\nbackground-attachment:scroll;\n}\n<\/style>\n<div id='av_section_1'  class='avia-section av-20rx7n-ddb67c6bbe9cc84ef596b7e5d550143b main_color avia-section-default avia-no-border-styling  avia-builder-el-0  el_before_av_section  avia-builder-el-first  av-parallax-section avia-bg-style-parallax av-minimum-height av-minimum-height-100  container_wrap sidebar_right'  data-section-bg-repeat='no-repeat' data-av_minimum_height_pc='100'><div class='av-parallax' data-avia-parallax-ratio='0.3' ><div class='av-parallax-inner main_color avia-full-stretch'><\/div><\/div><div class='container av-section-cont-open' ><main  role=\"main\" itemprop=\"mainContentOfPage\"  class='template-page content  av-content-small alpha units'><div class='post-entry post-entry-type-page post-entry-107'><div class='entry-content-wrapper clearfix'>\n<div class='flex_column av-1u7m9n-d5b3f621b649a3070be49b421daf76d8 av_one_half  avia-builder-el-1  avia-builder-el-no-sibling  first flex_column_div '     ><style type=\"text\/css\" data-created_by=\"avia_inline_auto\" id=\"style-css-av-l5112h29-0495623f5f1b63b92c6181a31f29b144\">\n#top .av-special-heading.av-l5112h29-0495623f5f1b63b92c6181a31f29b144{\npadding-bottom:10px;\ncolor:#753a1c;\nfont-size:3vw;\n}\nbody .av-special-heading.av-l5112h29-0495623f5f1b63b92c6181a31f29b144 .av-special-heading-tag .heading-char{\nfont-size:25px;\n}\n#top #wrap_all .av-special-heading.av-l5112h29-0495623f5f1b63b92c6181a31f29b144 .av-special-heading-tag{\nfont-size:3vw;\n}\n.av-special-heading.av-l5112h29-0495623f5f1b63b92c6181a31f29b144 .special-heading-inner-border{\nborder-color:#753a1c;\n}\n.av-special-heading.av-l5112h29-0495623f5f1b63b92c6181a31f29b144 .av-subheading{\nfont-size:20px;\n}\n<\/style>\n<div  class='av-special-heading av-l5112h29-0495623f5f1b63b92c6181a31f29b144 av-special-heading-h1 custom-color-heading blockquote modern-quote  avia-builder-el-2  avia-builder-el-no-sibling  av-thin-font av-inherit-size'><h1 class='av-special-heading-tag'  itemprop=\"headline\"  ><strong>Documents Utiles<\/strong><\/h1><div class=\"special-heading-border\"><div class=\"special-heading-inner-border\"><\/div><\/div><\/div><\/div>\n\n<\/div><\/div><\/main><!-- close content main element --><\/div><\/div><div id='av_section_2'  class='avia-section av-l511ezou-dcbf51c5349b6167e09435584de538bb main_color avia-section-default avia-no-border-styling  avia-builder-el-3  el_after_av_section  el_before_av_section  avia-bg-style-scroll av-minimum-height av-minimum-height-50  container_wrap sidebar_right'   data-av_minimum_height_pc='50'><div class='container av-section-cont-open' ><div class='template-page content  av-content-small alpha units'><div class='post-entry post-entry-type-page post-entry-107'><div class='entry-content-wrapper clearfix'>\n<div class='flex_column_table av-1srfer-31ad812276a7815d1099e4c90dd523f3 sc-av_one_half av-equal-height-column-flextable'><div class='flex_column av-1srfer-31ad812276a7815d1099e4c90dd523f3 av_one_half  avia-builder-el-4  el_before_av_one_half  avia-builder-el-first  first flex_column_table_cell av-equal-height-column av-align-top '     ><style type=\"text\/css\" data-created_by=\"avia_inline_auto\" id=\"style-css-av-l5113ajv-9233b5389c95dee1e87a1c71620a45da\">\n#top .av-special-heading.av-l5113ajv-9233b5389c95dee1e87a1c71620a45da{\npadding-bottom:10px;\ncolor:#753a1c;\nfont-size:3vw;\n}\nbody .av-special-heading.av-l5113ajv-9233b5389c95dee1e87a1c71620a45da .av-special-heading-tag .heading-char{\nfont-size:25px;\n}\n#top #wrap_all .av-special-heading.av-l5113ajv-9233b5389c95dee1e87a1c71620a45da .av-special-heading-tag{\nfont-size:3vw;\n}\n.av-special-heading.av-l5113ajv-9233b5389c95dee1e87a1c71620a45da .special-heading-inner-border{\nborder-color:#753a1c;\n}\n.av-special-heading.av-l5113ajv-9233b5389c95dee1e87a1c71620a45da .av-subheading{\nfont-size:20px;\n}\n<\/style>\n<div  class='av-special-heading av-l5113ajv-9233b5389c95dee1e87a1c71620a45da av-special-heading-h2 custom-color-heading blockquote modern-quote  avia-builder-el-5  avia-builder-el-no-sibling  av-thin-font av-inherit-size'><h2 class='av-special-heading-tag'  itemprop=\"headline\"  ><strong>Aides et<br \/>\nSubsides<\/strong><\/h2><div class=\"special-heading-border\"><div class=\"special-heading-inner-border\"><\/div><\/div><\/div><\/div><div class='av-flex-placeholder'><\/div><div class='flex_column av-1ltsiz-1f8e144fd6b5939b833cafdf020b534d av_one_half  avia-builder-el-6  el_after_av_one_half  avia-builder-el-last  flex_column_table_cell av-equal-height-column av-align-top '     ><div  class='av-catalogue-container av-l5116xk0-6881b2858a6c6998dd5e1337a5c1b84a  avia-builder-el-7  avia-builder-el-no-sibling '><ul class='av-catalogue-list'>\n<li><a href=\"https:\/\/aides.klima-agence.lu\/?lng=fr\" target=\"_blank\" rel=\"noopener noreferrer\" class='av-catalogue-item av-l5116x3r-0b24232946745260a6505865c114315d'><div class=\"av-catalogue-item-inner\"><div class=\"av-catalogue-title-container\"><div class='av-catalogue-title'>Simulateur des aides <\/div><div class='av-catalogue-price'><\/div><\/div><div class=\"av-catalogue-content\"><\/div><\/div><\/a><\/li>\n<li><a href=\"https:\/\/primes.fnn.lu\/accueil\/fonds-nova-naturstroum\/demande-de-prime-nova-naturstroum\" target=\"_blank\" rel=\"noopener noreferrer\" class='av-catalogue-item av-dx8u3-203200cd73595fb9867b78f343b8d89b'><div class=\"av-catalogue-item-inner\"><div class=\"av-catalogue-title-container\"><div class='av-catalogue-title'>Fond Nova Natourstroum<\/div><div class='av-catalogue-price'><\/div><\/div><div class=\"av-catalogue-content\"><\/div><\/div><\/a><\/li>\n<li><a href=\"https:\/\/guichet.public.lu\/fr\/entreprises\/financement-aides\/aides-infrastructures-charge-vehicules-electriques\/conditions-generales.html\" target=\"_blank\" rel=\"noopener noreferrer\" class='av-catalogue-item av-9o617-5504ab07b16c093aa1b3638a7e73b585'><div class=\"av-catalogue-item-inner\"><div class=\"av-catalogue-title-container\"><div class='av-catalogue-title'>Infrastructure de charge voiture \u00e9lectrique<\/div><div class='av-catalogue-price'><\/div><\/div><div class=\"av-catalogue-content\"><\/div><\/div><\/a><\/li>\n<\/ul><\/div><\/div><\/div><!--close column table wrapper. Autoclose: 1 -->\n\n<\/div><\/div><\/div><!-- close content main div --><\/div><\/div><div id='av_section_3'  class='avia-section av-k3dqz-e74183d3ce10c9a9acd7a2ab5bd54b70 main_color avia-section-default avia-no-border-styling  avia-builder-el-8  el_after_av_section  el_before_av_section  avia-bg-style-scroll av-minimum-height av-minimum-height-50  container_wrap sidebar_right'   data-av_minimum_height_pc='50'><div class='container av-section-cont-open' ><div class='template-page content  av-content-small alpha units'><div class='post-entry post-entry-type-page post-entry-107'><div class='entry-content-wrapper clearfix'>\n<div class='flex_column_table av-gzmln-1d9209ab6529c53a8998c77d83de494f sc-av_one_half av-equal-height-column-flextable'><div class='flex_column av-gzmln-1d9209ab6529c53a8998c77d83de494f av_one_half  avia-builder-el-9  el_before_av_one_half  avia-builder-el-first  first flex_column_table_cell av-equal-height-column av-align-top '     ><style type=\"text\/css\" data-created_by=\"avia_inline_auto\" id=\"style-css-av-l511g00q-5a8201ea08ed3273e2b92de8afac5de1\">\n#top .av-special-heading.av-l511g00q-5a8201ea08ed3273e2b92de8afac5de1{\npadding-bottom:10px;\ncolor:#753a1c;\nfont-size:3vw;\n}\nbody .av-special-heading.av-l511g00q-5a8201ea08ed3273e2b92de8afac5de1 .av-special-heading-tag .heading-char{\nfont-size:25px;\n}\n#top #wrap_all .av-special-heading.av-l511g00q-5a8201ea08ed3273e2b92de8afac5de1 .av-special-heading-tag{\nfont-size:3vw;\n}\n.av-special-heading.av-l511g00q-5a8201ea08ed3273e2b92de8afac5de1 .special-heading-inner-border{\nborder-color:#753a1c;\n}\n.av-special-heading.av-l511g00q-5a8201ea08ed3273e2b92de8afac5de1 .av-subheading{\nfont-size:20px;\n}\n<\/style>\n<div  class='av-special-heading av-l511g00q-5a8201ea08ed3273e2b92de8afac5de1 av-special-heading-h2 custom-color-heading blockquote modern-quote  avia-builder-el-10  avia-builder-el-no-sibling  av-thin-font av-inherit-size'><h2 class='av-special-heading-tag'  itemprop=\"headline\"  ><strong>Aides<br \/>\nindividuelles<\/strong><\/h2><div class=\"special-heading-border\"><div class=\"special-heading-inner-border\"><\/div><\/div><\/div><\/div><div class='av-flex-placeholder'><\/div><div class='flex_column av-9j0uj-12e861cceaffdc4d1e9c2e8434d367a7 av_one_half  avia-builder-el-11  el_after_av_one_half  avia-builder-el-last  flex_column_table_cell av-equal-height-column av-align-top '     ><div  class='av-catalogue-container av-l511gidk-10aaec47e73228561b2fe5e379538073  avia-builder-el-12  avia-builder-el-no-sibling '><ul class='av-catalogue-list'>\n<li><a href=\"https:\/\/www.justarrived.lu\/logement-luxembourg\/principales-aides-logement-luxembourg\/\" target=\"_blank\" rel=\"noopener noreferrer\" class='av-catalogue-item av-l511ggg2-ce4ce4f69c4c0a6c0374f28bd68251bc'><div class=\"av-catalogue-item-inner\"><div class=\"av-catalogue-title-container\"><div class='av-catalogue-title'>Principales aides au logement<\/div><div class='av-catalogue-price'><\/div><\/div><div class=\"av-catalogue-content\"><\/div><\/div><\/a><\/li>\n<li><a href=\"https:\/\/logement.public.lu\/fr\/proprietaire\/achat-construction\/obtenir-aide-achat-construction\/prime-acquisition.html\" target=\"_blank\" rel=\"noopener noreferrer\" class='av-catalogue-item av-l511gw3d-b3a11ba45f484d37b7c771c5d0724e8d'><div class=\"av-catalogue-item-inner\"><div class=\"av-catalogue-title-container\"><div class='av-catalogue-title'>Prime d\u2019acquisition<\/div><div class='av-catalogue-price'><\/div><\/div><div class=\"av-catalogue-content\"><\/div><\/div><\/a><\/li>\n<li><a href=\"https:\/\/guichet.public.lu\/fr\/citoyens\/logement\/acquisition\/aides-capital\/prime-epargne.html\" target=\"_blank\" rel=\"noopener noreferrer\" class='av-catalogue-item av-l511h2rg-cca278969bc0fc25edb6f3653b9a6bea'><div class=\"av-catalogue-item-inner\"><div class=\"av-catalogue-title-container\"><div class='av-catalogue-title'>Prime d\u2019\u00e9pargne au logement<\/div><div class='av-catalogue-price'><\/div><\/div><div class=\"av-catalogue-content\"><\/div><\/div><\/a><\/li>\n<li><a href=\"https:\/\/logement.public.lu\/fr\/proprietaire\/renovation-amenagements-speciaux\/garantie-etat0.html\" target=\"_blank\" rel=\"noopener noreferrer\" class='av-catalogue-item av-l511ho40-b0eaabd5826a9fa9d54ccf380d3db1fb'><div class=\"av-catalogue-item-inner\"><div class=\"av-catalogue-title-container\"><div class='av-catalogue-title'>Garantie de l\u2019\u00e9tat<\/div><div class='av-catalogue-price'><\/div><\/div><div class=\"av-catalogue-content\"><\/div><\/div><\/a><\/li>\n<li><a href=\"https:\/\/guichet.public.lu\/fr\/citoyens\/logement\/acquisition\/aides-interet\/subvention-interet.html\" target=\"_blank\" rel=\"noopener noreferrer\" class='av-catalogue-item av-l511kcwg-4527d9c40166a2f0449ab40d1037474d'><div class=\"av-catalogue-item-inner\"><div class=\"av-catalogue-title-container\"><div class='av-catalogue-title'>Subvention d\u2019int\u00e9r\u00eat<\/div><div class='av-catalogue-price'><\/div><\/div><div class=\"av-catalogue-content\"><\/div><\/div><\/a><\/li>\n<li><a href=\"https:\/\/guichet.public.lu\/de\/citoyens\/logement\/acquisition\/aides-interet\/bonification-interet.html\" target=\"_blank\" rel=\"noopener noreferrer\" class='av-catalogue-item av-l511l5sh-21f53a515182256939066b336c5dbc5a'><div class=\"av-catalogue-item-inner\"><div class=\"av-catalogue-title-container\"><div class='av-catalogue-title'>Bonification d\u2019int\u00e9r\u00eat<\/div><div class='av-catalogue-price'><\/div><\/div><div class=\"av-catalogue-content\"><\/div><\/div><\/a><\/li>\n<li><a href=\"https:\/\/logement.public.lu\/fr\/proprietaire\/achat-construction\/obtenir-aide-achat-construction\/prime-construction.html\" target=\"_blank\" rel=\"noopener noreferrer\" class='av-catalogue-item av-l511m1ox-8f25c6476eba657992a172956007dc22'><div class=\"av-catalogue-item-inner\"><div class=\"av-catalogue-title-container\"><div class='av-catalogue-title'>Prime de construction<\/div><div class='av-catalogue-price'><\/div><\/div><div class=\"av-catalogue-content\"><\/div><\/div><\/a><\/li>\n<\/ul><\/div><\/div><\/div><!--close column table wrapper. Autoclose: 1 -->\n\n<\/div><\/div><\/div><!-- close content main div --><\/div><\/div><div id='av_section_4'  class='avia-section av-ihvj7-44b0a437f6098ff84a48ed53b6340bce main_color avia-section-default avia-no-border-styling  avia-builder-el-13  el_after_av_section  el_before_av_section  avia-bg-style-scroll av-minimum-height av-minimum-height-50  container_wrap sidebar_right'   data-av_minimum_height_pc='50'><div class='container av-section-cont-open' ><div class='template-page content  av-content-small alpha units'><div class='post-entry post-entry-type-page post-entry-107'><div class='entry-content-wrapper clearfix'>\n<div class='flex_column_table av-flbn7-4e855606b9b0df43fe453985849ef155 sc-av_one_half av-equal-height-column-flextable'><div class='flex_column av-flbn7-4e855606b9b0df43fe453985849ef155 av_one_half  avia-builder-el-14  el_before_av_one_half  avia-builder-el-first  first flex_column_table_cell av-equal-height-column av-align-top '     ><style type=\"text\/css\" data-created_by=\"avia_inline_auto\" id=\"style-css-av-l511vfrn-e3ebca01bca12a41328d7d1a4cc2c53f\">\n#top .av-special-heading.av-l511vfrn-e3ebca01bca12a41328d7d1a4cc2c53f{\npadding-bottom:10px;\ncolor:#753a1c;\nfont-size:3vw;\n}\nbody .av-special-heading.av-l511vfrn-e3ebca01bca12a41328d7d1a4cc2c53f .av-special-heading-tag .heading-char{\nfont-size:25px;\n}\n#top #wrap_all .av-special-heading.av-l511vfrn-e3ebca01bca12a41328d7d1a4cc2c53f .av-special-heading-tag{\nfont-size:3vw;\n}\n.av-special-heading.av-l511vfrn-e3ebca01bca12a41328d7d1a4cc2c53f .special-heading-inner-border{\nborder-color:#753a1c;\n}\n.av-special-heading.av-l511vfrn-e3ebca01bca12a41328d7d1a4cc2c53f .av-subheading{\nfont-size:20px;\n}\n<\/style>\n<div  class='av-special-heading av-l511vfrn-e3ebca01bca12a41328d7d1a4cc2c53f av-special-heading-h2 custom-color-heading blockquote modern-quote  avia-builder-el-15  avia-builder-el-no-sibling  av-thin-font av-inherit-size'><h2 class='av-special-heading-tag'  itemprop=\"headline\"  ><strong>Certificat de<br \/>\nperformance \u00e9nerg\u00e9tique CPE<\/strong><\/h2><div class=\"special-heading-border\"><div class=\"special-heading-inner-border\"><\/div><\/div><\/div><\/div><div class='av-flex-placeholder'><\/div><div class='flex_column av-7dowb-1f679634cca429d344c9d7cec27fce4c av_one_half  avia-builder-el-16  el_after_av_one_half  avia-builder-el-last  flex_column_table_cell av-equal-height-column av-align-top '     ><div  class='av-catalogue-container av-l511vuaf-9b63676b3c7ac0902755bd77e7a46f30  avia-builder-el-17  avia-builder-el-no-sibling '><ul class='av-catalogue-list'>\n<li><a href=\"https:\/\/guichet.public.lu\/dam-assets\/catalogue-pdf\/listes-experts-batiments\/liste-experts-batiments-fonctionnels-existants\/liste-des-experts-pour-batiments-fonctionnels-existants.pdf\" target=\"_blank\" rel=\"noopener noreferrer\" class='av-catalogue-item av-l511vtn5-51cb10e94f3a6a981aff05890495b05e'><div class=\"av-catalogue-item-inner\"><div class=\"av-catalogue-title-container\"><div class='av-catalogue-title'>Listes des experts<\/div><div class='av-catalogue-price'><\/div><\/div><div class=\"av-catalogue-content\"><\/div><\/div><\/a><\/li>\n<li><a href=\"https:\/\/legilux.public.lu\/eli\/etat\/leg\/rgd\/2021\/06\/09\/a439\/jo\" target=\"_blank\" rel=\"noopener noreferrer\" class='av-catalogue-item av-l511xi2y-359bbc4f69c54d22948452b0e5fc1f43'><div class=\"av-catalogue-item-inner\"><div class=\"av-catalogue-title-container\"><div class='av-catalogue-title'>R\u00e8glement grand-ducal du 9 juin 2021 concernant la performance \u00e9nerg\u00e9tique des b\u00e2timents.<\/div><div class='av-catalogue-price'><\/div><\/div><div class=\"av-catalogue-content\"><\/div><\/div><\/a><\/li>\n<li><a href=\"https:\/\/guichet.public.lu\/fr\/citoyens\/logement\/vente\/certificat-performance-energetique\/demande-passeport-energetique.html#bloub-1\" target=\"_blank\" rel=\"noopener noreferrer\" class='av-catalogue-item av-l511y1x9-c1307d79eb1d1a758d8381002e98c89e'><div class=\"av-catalogue-item-inner\"><div class=\"av-catalogue-title-container\"><div class='av-catalogue-title'>CPE d\u2019un b\u00e2timent d\u2019habitation est \u00e0 demander par <\/div><div class='av-catalogue-price'><\/div><\/div><div class=\"av-catalogue-content\"><\/div><\/div><\/a><\/li>\n<\/ul><\/div><\/div><\/div><!--close column table wrapper. Autoclose: 1 -->\n\n<\/div><\/div><\/div><!-- close content main div --><\/div><\/div><div id='av_section_5'  class='avia-section av-20lib-84eb77b97690021a1272011dcccec339 main_color avia-section-default avia-no-border-styling  avia-builder-el-18  el_after_av_section  el_before_av_section  avia-bg-style-scroll av-minimum-height av-minimum-height-50  container_wrap sidebar_right'   data-av_minimum_height_pc='50'><div class='container av-section-cont-open' ><div class='template-page content  av-content-small alpha units'><div class='post-entry post-entry-type-page post-entry-107'><div class='entry-content-wrapper clearfix'>\n<div class='flex_column_table av-gjko3-f3ae5370c93839323decd512b5ce2d1a sc-av_one_half av-equal-height-column-flextable'><div class='flex_column av-gjko3-f3ae5370c93839323decd512b5ce2d1a av_one_half  avia-builder-el-19  el_before_av_one_half  avia-builder-el-first  first flex_column_table_cell av-equal-height-column av-align-top '     ><style type=\"text\/css\" data-created_by=\"avia_inline_auto\" id=\"style-css-av-l511z3gg-21553fe1e75e78cba34f3540d0aa0788\">\n#top .av-special-heading.av-l511z3gg-21553fe1e75e78cba34f3540d0aa0788{\npadding-bottom:10px;\ncolor:#753a1c;\nfont-size:3vw;\n}\nbody .av-special-heading.av-l511z3gg-21553fe1e75e78cba34f3540d0aa0788 .av-special-heading-tag .heading-char{\nfont-size:25px;\n}\n#top #wrap_all .av-special-heading.av-l511z3gg-21553fe1e75e78cba34f3540d0aa0788 .av-special-heading-tag{\nfont-size:3vw;\n}\n.av-special-heading.av-l511z3gg-21553fe1e75e78cba34f3540d0aa0788 .special-heading-inner-border{\nborder-color:#753a1c;\n}\n.av-special-heading.av-l511z3gg-21553fe1e75e78cba34f3540d0aa0788 .av-subheading{\nfont-size:20px;\n}\n<\/style>\n<div  class='av-special-heading av-l511z3gg-21553fe1e75e78cba34f3540d0aa0788 av-special-heading-h2 custom-color-heading blockquote modern-quote  avia-builder-el-20  avia-builder-el-no-sibling  av-thin-font av-inherit-size'><h2 class='av-special-heading-tag'  itemprop=\"headline\"  ><strong>Architectes et<br \/>\ning\u00e9nieurs<\/strong><\/h2><div class=\"special-heading-border\"><div class=\"special-heading-inner-border\"><\/div><\/div><\/div><\/div><div class='av-flex-placeholder'><\/div><div class='flex_column av-1384b-a91a7f5626e6573727746642d36bfc9d av_one_half  avia-builder-el-21  el_after_av_one_half  avia-builder-el-last  flex_column_table_cell av-equal-height-column av-align-top '     ><div  class='av-catalogue-container av-l512193x-03d465cf20a692693d0403bcc7e7c451  avia-builder-el-22  avia-builder-el-no-sibling '><ul class='av-catalogue-list'>\n<li><a href=\"https:\/\/www.oai.lu\/fr\/9\/topmenu\/annuaire-membres\/\" target=\"_blank\" rel=\"noopener noreferrer\" class='av-catalogue-item av-l512096e-7f311ace1e8eb1218b31b95e26bdfcee'><div class=\"av-catalogue-item-inner\"><div class=\"av-catalogue-title-container\"><div class='av-catalogue-title'>Liste des architectes et ing\u00e9nieurs conseils<\/div><div class='av-catalogue-price'><\/div><\/div><div class=\"av-catalogue-content\"><\/div><\/div><\/a><\/li>\n<li><a href=\"https:\/\/logement.public.lu\/fr.html\" target=\"_blank\" rel=\"noopener noreferrer\" class='av-catalogue-item av-l5120j98-196ecab35e36a00d4408c8e0cbcd43cb'><div class=\"av-catalogue-item-inner\"><div class=\"av-catalogue-title-container\"><div class='av-catalogue-title'>Logement<\/div><div class='av-catalogue-price'><\/div><\/div><div class=\"av-catalogue-content\"><\/div><\/div><\/a><\/li>\n<\/ul><\/div><\/div><\/div><!--close column table wrapper. Autoclose: 1 -->\n\n<\/div><\/div><\/div><!-- close content main div --><\/div><\/div><div id='av_section_6'  class='avia-section av-3pvc83-048e1cdb52444b3e393ead74f7f1b192 main_color avia-section-default avia-no-border-styling  avia-builder-el-23  el_after_av_section  el_before_av_section  avia-bg-style-scroll av-minimum-height av-minimum-height-50  container_wrap sidebar_right'   data-av_minimum_height_pc='50'><div class='container av-section-cont-open' ><div class='template-page content  av-content-small alpha units'><div class='post-entry post-entry-type-page post-entry-107'><div class='entry-content-wrapper clearfix'>\n<div class='flex_column_table av-3iqtnn-ca49838cf922929c7dc9c53d2136d17f sc-av_one_half av-equal-height-column-flextable'><div class='flex_column av-3iqtnn-ca49838cf922929c7dc9c53d2136d17f av_one_half  avia-builder-el-24  el_before_av_one_half  avia-builder-el-first  first flex_column_table_cell av-equal-height-column av-align-top '     ><style type=\"text\/css\" data-created_by=\"avia_inline_auto\" id=\"style-css-av-av_heading-ffc00f58c06eb7c32ed3a67d6b71be77\">\n#top .av-special-heading.av-av_heading-ffc00f58c06eb7c32ed3a67d6b71be77{\npadding-bottom:10px;\ncolor:#753a1c;\nfont-size:3vw;\n}\nbody .av-special-heading.av-av_heading-ffc00f58c06eb7c32ed3a67d6b71be77 .av-special-heading-tag .heading-char{\nfont-size:25px;\n}\n#top #wrap_all .av-special-heading.av-av_heading-ffc00f58c06eb7c32ed3a67d6b71be77 .av-special-heading-tag{\nfont-size:3vw;\n}\n.av-special-heading.av-av_heading-ffc00f58c06eb7c32ed3a67d6b71be77 .special-heading-inner-border{\nborder-color:#753a1c;\n}\n.av-special-heading.av-av_heading-ffc00f58c06eb7c32ed3a67d6b71be77 .av-subheading{\nfont-size:20px;\n}\n<\/style>\n<div  class='av-special-heading av-av_heading-ffc00f58c06eb7c32ed3a67d6b71be77 av-special-heading-h2 custom-color-heading blockquote modern-quote  avia-builder-el-25  avia-builder-el-no-sibling  av-thin-font av-inherit-size'><h2 class='av-special-heading-tag'  itemprop=\"headline\"  ><strong>Caisse<br \/>\nnational<\/strong><\/h2><div class=\"special-heading-border\"><div class=\"special-heading-inner-border\"><\/div><\/div><\/div><\/div><div class='av-flex-placeholder'><\/div><div class='flex_column av-3gacgz-904b4c750c23439f41d65ad2e103f01e av_one_half  avia-builder-el-26  el_after_av_one_half  avia-builder-el-last  flex_column_table_cell av-equal-height-column av-align-top '     ><div  class='av-catalogue-container av-l512d1c7-964baad625a4bb9364c3ea6633af46ae  avia-builder-el-27  avia-builder-el-no-sibling '><ul class='av-catalogue-list'>\n<li><a href=\"https:\/\/cae.public.lu\/fr.html\" target=\"_blank\" rel=\"noopener noreferrer\" class='av-catalogue-item av-l512czkd-e23b9edd123e18b3bf9d86d574d8c8c3'><div class=\"av-catalogue-item-inner\"><div class=\"av-catalogue-title-container\"><div class='av-catalogue-title'>Caisse national de prestation familiales<\/div><div class='av-catalogue-price'><\/div><\/div><div class=\"av-catalogue-content\"><\/div><\/div><\/a><\/li>\n<\/ul><\/div><\/div><\/div><!--close column table wrapper. Autoclose: 1 --><\/div><\/div><\/div><!-- close content main div --><\/div><\/div><div id='av_section_7'  class='avia-section av-3af7e3-fca84a446ff8456df01bc7b6419b5865 main_color avia-section-default avia-no-border-styling  avia-builder-el-28  el_after_av_section  el_before_av_section  avia-bg-style-scroll av-minimum-height av-minimum-height-50  container_wrap sidebar_right'   data-av_minimum_height_pc='50'><div class='container av-section-cont-open' ><div class='template-page content  av-content-small alpha units'><div class='post-entry post-entry-type-page post-entry-107'><div class='entry-content-wrapper clearfix'>\n<div class='flex_column_table av-31zuv7-664f1b56cd16bd5260be2d8f858813d1 sc-av_one_half av-equal-height-column-flextable'><div class='flex_column av-31zuv7-664f1b56cd16bd5260be2d8f858813d1 av_one_half  avia-builder-el-29  el_before_av_one_half  avia-builder-el-first  first flex_column_table_cell av-equal-height-column av-align-top '     ><style type=\"text\/css\" data-created_by=\"avia_inline_auto\" id=\"style-css-av-l512dfiu-076fc9910a0b09a1ff2a24d5f7457265\">\n#top .av-special-heading.av-l512dfiu-076fc9910a0b09a1ff2a24d5f7457265{\npadding-bottom:10px;\ncolor:#753a1c;\nfont-size:3vw;\n}\nbody .av-special-heading.av-l512dfiu-076fc9910a0b09a1ff2a24d5f7457265 .av-special-heading-tag .heading-char{\nfont-size:25px;\n}\n#top #wrap_all .av-special-heading.av-l512dfiu-076fc9910a0b09a1ff2a24d5f7457265 .av-special-heading-tag{\nfont-size:3vw;\n}\n.av-special-heading.av-l512dfiu-076fc9910a0b09a1ff2a24d5f7457265 .special-heading-inner-border{\nborder-color:#753a1c;\n}\n.av-special-heading.av-l512dfiu-076fc9910a0b09a1ff2a24d5f7457265 .av-subheading{\nfont-size:20px;\n}\n<\/style>\n<div  class='av-special-heading av-l512dfiu-076fc9910a0b09a1ff2a24d5f7457265 av-special-heading-h2 custom-color-heading blockquote modern-quote  avia-builder-el-30  avia-builder-el-no-sibling  av-thin-font av-inherit-size'><h2 class='av-special-heading-tag'  itemprop=\"headline\"  ><strong>Guide de la<br \/>\nconstruction<\/strong><\/h2><div class=\"special-heading-border\"><div class=\"special-heading-inner-border\"><\/div><\/div><\/div><\/div><div class='av-flex-placeholder'><\/div><div class='flex_column av-2v5zsb-8783d1b8bc2fc7251527bd52c61cde1d av_one_half  avia-builder-el-31  el_after_av_one_half  avia-builder-el-last  flex_column_table_cell av-equal-height-column av-align-top '     ><div  class='av-catalogue-container av-l512eybo-4573f6cb1f30d45cf5a317e3b82e8fab  avia-builder-el-32  avia-builder-el-no-sibling '><ul class='av-catalogue-list'>\n<li><a href=\"https:\/\/construire-et-renover.lu\/votre-guide-autour-de-lhabitat\/\" target=\"_blank\" rel=\"noopener noreferrer\" class='av-catalogue-item av-l512ee39-b8d2c3fcba2787dfdb0892fded45fdc6'><div class=\"av-catalogue-item-inner\"><div class=\"av-catalogue-title-container\"><div class='av-catalogue-title'>Construire et R\u00e9nover 2022<\/div><div class='av-catalogue-price'><\/div><\/div><div class=\"av-catalogue-content\"><\/div><\/div><\/a><\/li>\n<li><a href=\"http:\/\/www.crtib.lu\/\" target=\"_blank\" rel=\"noopener noreferrer\" class='av-catalogue-item av-l512ewgd-b2f23300e7742095279db507823d926c'><div class=\"av-catalogue-item-inner\"><div class=\"av-catalogue-title-container\"><div class='av-catalogue-title'>Le CRTI-B<\/div><div class='av-catalogue-price'><\/div><\/div><div class=\"av-catalogue-content\"><\/div><\/div><\/a><\/li>\n<\/ul><\/div><\/div><\/div><!--close column table wrapper. Autoclose: 1 -->\n<\/p>\n<\/div><\/div><\/div><!-- close content main div --><\/div><\/div><div id='av_section_8'  class='avia-section av-a49ib-68ecf30acae0dc40d1124ef9e09b8955 main_color avia-section-default avia-no-border-styling  avia-builder-el-33  el_after_av_section  el_before_av_section  avia-bg-style-scroll av-minimum-height av-minimum-height-50  container_wrap sidebar_right'   data-av_minimum_height_pc='50'><div class='container av-section-cont-open' ><div class='template-page content  av-content-small alpha units'><div class='post-entry post-entry-type-page post-entry-107'><div class='entry-content-wrapper clearfix'>\n<div class='flex_column_table av-2modgz-01360e255968edb0f090f2e96fc26eac sc-av_one_half av-equal-height-column-flextable'><div class='flex_column av-2modgz-01360e255968edb0f090f2e96fc26eac av_one_half  avia-builder-el-34  el_before_av_one_half  avia-builder-el-first  first flex_column_table_cell av-equal-height-column av-align-top '     ><style type=\"text\/css\" data-created_by=\"avia_inline_auto\" id=\"style-css-av-l512dpry-fac99df2d6af108e54dc89b446db4e5d\">\n#top .av-special-heading.av-l512dpry-fac99df2d6af108e54dc89b446db4e5d{\npadding-bottom:10px;\ncolor:#753a1c;\nfont-size:3vw;\n}\nbody .av-special-heading.av-l512dpry-fac99df2d6af108e54dc89b446db4e5d .av-special-heading-tag .heading-char{\nfont-size:25px;\n}\n#top #wrap_all .av-special-heading.av-l512dpry-fac99df2d6af108e54dc89b446db4e5d .av-special-heading-tag{\nfont-size:3vw;\n}\n.av-special-heading.av-l512dpry-fac99df2d6af108e54dc89b446db4e5d .special-heading-inner-border{\nborder-color:#753a1c;\n}\n.av-special-heading.av-l512dpry-fac99df2d6af108e54dc89b446db4e5d .av-subheading{\nfont-size:20px;\n}\n<\/style>\n<div  class='av-special-heading av-l512dpry-fac99df2d6af108e54dc89b446db4e5d av-special-heading-h2 custom-color-heading blockquote modern-quote  avia-builder-el-35  avia-builder-el-no-sibling  av-thin-font av-inherit-size'><h2 class='av-special-heading-tag'  itemprop=\"headline\"  ><strong>T.V.A. et taux<br \/>\nsuper -r\u00e9duit 3%<\/strong><\/h2><div class=\"special-heading-border\"><div class=\"special-heading-inner-border\"><\/div><\/div><\/div><\/div><div class='av-flex-placeholder'><\/div><div class='flex_column av-2fz177-8d0c596d252b082add5dac893d5503e1 av_one_half  avia-builder-el-36  el_after_av_one_half  avia-builder-el-last  flex_column_table_cell av-equal-height-column av-align-top '     ><div  class='av-catalogue-container av-27l4df-76a1273e72aba0021572dfe0e5c6b776  avia-builder-el-37  avia-builder-el-no-sibling '><ul class='av-catalogue-list'>\n<li><a href=\"https:\/\/pfi.public.lu\/fr\/citoyen\/tva\/logement\/application-directe-taux-3.html\" target=\"_blank\" rel=\"noopener noreferrer\" class='av-catalogue-item av-24am63-75336e7c502882394d320644f26a997d'><div class=\"av-catalogue-item-inner\"><div class=\"av-catalogue-title-container\"><div class='av-catalogue-title'>Administration de l\u2019enregistrement et des domaines<\/div><div class='av-catalogue-price'><\/div><\/div><div class=\"av-catalogue-content\"><\/div><\/div><\/a><\/li>\n<li><a href=\"https:\/\/guichet.public.lu\/fr\/citoyens\/logement\/renovation-transformation\/aides-indirectes\/remboursement-tva-taux-reduit.html\" target=\"_blank\" rel=\"noopener noreferrer\" class='av-catalogue-item av-1x3m3f-83517d9972ef5dabfd5aa519db76c3f3'><div class=\"av-catalogue-item-inner\"><div class=\"av-catalogue-title-container\"><div class='av-catalogue-title'>Demande de remboursement TVA<\/div><div class='av-catalogue-price'><\/div><\/div><div class=\"av-catalogue-content\"><\/div><\/div><\/a><\/li>\n<\/ul><\/div><\/div><\/div><!--close column table wrapper. Autoclose: 1 -->\n\n<\/div><\/div><\/div><!-- close content main div --><\/div><\/div><div id='av_section_9'  class='avia-section av-1e5gzv-3c146fa5014213c106c38b896cc95193 main_color avia-section-default avia-no-border-styling  avia-builder-el-38  el_after_av_section  avia-builder-el-last  avia-bg-style-scroll av-minimum-height av-minimum-height-50  container_wrap sidebar_right'   data-av_minimum_height_pc='50'><div class='container av-section-cont-open' ><div class='template-page content  av-content-small alpha units'><div class='post-entry post-entry-type-page post-entry-107'><div class='entry-content-wrapper clearfix'>\n<div class='flex_column_table av-17hxjf-0bb2dc2332a25fff1cb51bdec73ecfff sc-av_one_half av-equal-height-column-flextable'><div class='flex_column av-17hxjf-0bb2dc2332a25fff1cb51bdec73ecfff av_one_half  avia-builder-el-39  el_before_av_one_half  avia-builder-el-first  first flex_column_table_cell av-equal-height-column av-align-top '     ><style type=\"text\/css\" data-created_by=\"avia_inline_auto\" id=\"style-css-av-l512dzeu-320ecc10fa875d493062912b0cbcb243\">\n#top .av-special-heading.av-l512dzeu-320ecc10fa875d493062912b0cbcb243{\npadding-bottom:10px;\ncolor:#753a1c;\nfont-size:3vw;\n}\nbody .av-special-heading.av-l512dzeu-320ecc10fa875d493062912b0cbcb243 .av-special-heading-tag .heading-char{\nfont-size:25px;\n}\n#top #wrap_all .av-special-heading.av-l512dzeu-320ecc10fa875d493062912b0cbcb243 .av-special-heading-tag{\nfont-size:3vw;\n}\n.av-special-heading.av-l512dzeu-320ecc10fa875d493062912b0cbcb243 .special-heading-inner-border{\nborder-color:#753a1c;\n}\n.av-special-heading.av-l512dzeu-320ecc10fa875d493062912b0cbcb243 .av-subheading{\nfont-size:20px;\n}\n<\/style>\n<div  class='av-special-heading av-l512dzeu-320ecc10fa875d493062912b0cbcb243 av-special-heading-h2 custom-color-heading blockquote modern-quote  avia-builder-el-40  avia-builder-el-no-sibling  av-thin-font av-inherit-size'><h2 class='av-special-heading-tag'  itemprop=\"headline\"  ><strong>Pacte<br \/>\nlogement 2.0<\/strong><\/h2><div class=\"special-heading-border\"><div class=\"special-heading-inner-border\"><\/div><\/div><\/div><\/div><div class='av-flex-placeholder'><\/div><div class='flex_column av-118yrv-2b1f3984448855841e7488aae8aadf41 av_one_half  avia-builder-el-41  el_after_av_one_half  avia-builder-el-last  flex_column_table_cell av-equal-height-column av-align-top '     ><div  class='av-catalogue-container av-yfneb-e45c11d276143e1587815c3a055cc059  avia-builder-el-42  avia-builder-el-no-sibling '><ul class='av-catalogue-list'>\n<li><a href=\"https:\/\/logement.public.lu\/fr\/politique\/pacte-logement.html\" target=\"_blank\" rel=\"noopener noreferrer\" class='av-catalogue-item av-t7hh7-6336c22bd127537091b8d7e28d2bb581'><div class=\"av-catalogue-item-inner\"><div class=\"av-catalogue-title-container\"><div class='av-catalogue-title'>Pacte logement 2.0<\/div><div class='av-catalogue-price'><\/div><\/div><div class=\"av-catalogue-content\"><\/div><\/div><\/a><\/li>\n<\/ul><\/div><\/div><\/div><!--close column table wrapper. Autoclose: 1 -->\n<\/div><\/div><\/div><!-- close content main div --><\/div><\/div><div id='after_section_9'  class='main_color av_default_container_wrap container_wrap sidebar_right'  ><div class='container av-section-cont-open' ><div class='template-page content  av-content-small alpha units'><div class='post-entry post-entry-type-page post-entry-107'><div class='entry-content-wrapper clearfix'>\n","protected":false},"excerpt":{"rendered":"","protected":false},"author":1,"featured_media":251,"parent":0,"menu_order":0,"comment_status":"closed","ping_status":"closed","template":"","meta":{"footnotes":""},"class_list":["post-107","page","type-page","status-publish","has-post-thumbnail","hentry"],"yoast_head":"<!-- This site is optimized with the Yoast SEO plugin v20.4 - https:\/\/yoast.com\/wordpress\/plugins\/seo\/ -->\n<title>Documents utiles - Gestion Balance Luxembourg<\/title>\n<meta name=\"description\" content=\"Documents Utiles propri\u00e9t\u00e9 immobiliers t\u00e9l\u00e9charger t\u00e9l\u00e9chargement t\u00e9l\u00e9chargez gestion immobili\u00e8re, d\u00e9compte locataire, d\u00e9compte propri\u00e9taire\" \/>\n<meta name=\"robots\" content=\"index, follow, max-snippet:-1, max-image-preview:large, max-video-preview:-1\" \/>\n<link rel=\"canonical\" href=\"https:\/\/balance.lu\/wordpress\/documents-utiles\/\" \/>\n<meta property=\"og:locale\" content=\"de_DE\" \/>\n<meta property=\"og:type\" content=\"article\" \/>\n<meta property=\"og:title\" content=\"Documents utiles - Gestion Balance Luxembourg\" \/>\n<meta property=\"og:description\" content=\"Documents Utiles propri\u00e9t\u00e9 immobiliers t\u00e9l\u00e9charger t\u00e9l\u00e9chargement t\u00e9l\u00e9chargez gestion immobili\u00e8re, d\u00e9compte locataire, d\u00e9compte propri\u00e9taire\" \/>\n<meta property=\"og:url\" content=\"https:\/\/balance.lu\/wordpress\/documents-utiles\/\" \/>\n<meta property=\"og:site_name\" content=\"Gestion Balance\" \/>\n<meta property=\"article:modified_time\" content=\"2022-09-27T11:20:15+00:00\" \/>\n<meta property=\"og:image\" content=\"https:\/\/balance.lu\/wordpress\/wp-content\/uploads\/2022\/06\/Gestion_Balance_Documents_PDF_Luxembourg_Luxemburg.jpg\" \/>\n\t<meta property=\"og:image:width\" content=\"1000\" \/>\n\t<meta property=\"og:image:height\" content=\"1000\" \/>\n\t<meta property=\"og:image:type\" content=\"image\/jpeg\" \/>\n<meta name=\"twitter:card\" content=\"summary_large_image\" \/>\n<meta name=\"twitter:label1\" content=\"Gesch\u00e4tzte Lesezeit\" \/>\n\t<meta name=\"twitter:data1\" content=\"16\u00a0Minuten\" \/>\n<script type=\"application\/ld+json\" class=\"yoast-schema-graph\">{\"@context\":\"https:\/\/schema.org\",\"@graph\":[{\"@type\":\"WebPage\",\"@id\":\"https:\/\/balance.lu\/wordpress\/documents-utiles\/\",\"url\":\"https:\/\/balance.lu\/wordpress\/documents-utiles\/\",\"name\":\"Documents utiles - Gestion Balance Luxembourg\",\"isPartOf\":{\"@id\":\"https:\/\/balance.lu\/wordpress\/#website\"},\"datePublished\":\"2022-06-29T20:12:39+00:00\",\"dateModified\":\"2022-09-27T11:20:15+00:00\",\"description\":\"Documents Utiles propri\u00e9t\u00e9 immobiliers t\u00e9l\u00e9charger t\u00e9l\u00e9chargement t\u00e9l\u00e9chargez gestion immobili\u00e8re, d\u00e9compte locataire, d\u00e9compte propri\u00e9taire\",\"breadcrumb\":{\"@id\":\"https:\/\/balance.lu\/wordpress\/documents-utiles\/#breadcrumb\"},\"inLanguage\":\"de\",\"potentialAction\":[{\"@type\":\"ReadAction\",\"target\":[\"https:\/\/balance.lu\/wordpress\/documents-utiles\/\"]}]},{\"@type\":\"BreadcrumbList\",\"@id\":\"https:\/\/balance.lu\/wordpress\/documents-utiles\/#breadcrumb\",\"itemListElement\":[{\"@type\":\"ListItem\",\"position\":1,\"name\":\"Startseite\",\"item\":\"https:\/\/balance.lu\/wordpress\/\"},{\"@type\":\"ListItem\",\"position\":2,\"name\":\"Documents utiles\"}]},{\"@type\":\"WebSite\",\"@id\":\"https:\/\/balance.lu\/wordpress\/#website\",\"url\":\"https:\/\/balance.lu\/wordpress\/\",\"name\":\"Gestion Balance\",\"description\":\"G\u00c9RANCE ADMINISTRATIVE ET TECHNIQUE  DE VOS IMMEUBLES COPROPRI\u00c9T\u00c9\",\"publisher\":{\"@id\":\"https:\/\/balance.lu\/wordpress\/#organization\"},\"potentialAction\":[{\"@type\":\"SearchAction\",\"target\":{\"@type\":\"EntryPoint\",\"urlTemplate\":\"https:\/\/balance.lu\/wordpress\/?s={search_term_string}\"},\"query-input\":\"required name=search_term_string\"}],\"inLanguage\":\"de\"},{\"@type\":\"Organization\",\"@id\":\"https:\/\/balance.lu\/wordpress\/#organization\",\"name\":\"Gestion Balance\",\"url\":\"https:\/\/balance.lu\/wordpress\/\",\"logo\":{\"@type\":\"ImageObject\",\"inLanguage\":\"de\",\"@id\":\"https:\/\/balance.lu\/wordpress\/#\/schema\/logo\/image\/\",\"url\":\"https:\/\/balance.lu\/wordpress\/wp-content\/uploads\/2022\/06\/Logo-Gestion-Balance_luxembourg.jpg\",\"contentUrl\":\"https:\/\/balance.lu\/wordpress\/wp-content\/uploads\/2022\/06\/Logo-Gestion-Balance_luxembourg.jpg\",\"width\":804,\"height\":1035,\"caption\":\"Gestion Balance\"},\"image\":{\"@id\":\"https:\/\/balance.lu\/wordpress\/#\/schema\/logo\/image\/\"}}]}<\/script>\n<!-- \/ Yoast SEO plugin. -->","yoast_head_json":{"title":"Documents utiles - Gestion Balance Luxembourg","description":"Documents Utiles propri\u00e9t\u00e9 immobiliers t\u00e9l\u00e9charger t\u00e9l\u00e9chargement t\u00e9l\u00e9chargez gestion immobili\u00e8re, d\u00e9compte locataire, d\u00e9compte propri\u00e9taire","robots":{"index":"index","follow":"follow","max-snippet":"max-snippet:-1","max-image-preview":"max-image-preview:large","max-video-preview":"max-video-preview:-1"},"canonical":"https:\/\/balance.lu\/wordpress\/documents-utiles\/","og_locale":"de_DE","og_type":"article","og_title":"Documents utiles - Gestion Balance Luxembourg","og_description":"Documents Utiles propri\u00e9t\u00e9 immobiliers t\u00e9l\u00e9charger t\u00e9l\u00e9chargement t\u00e9l\u00e9chargez gestion immobili\u00e8re, d\u00e9compte locataire, d\u00e9compte propri\u00e9taire","og_url":"https:\/\/balance.lu\/wordpress\/documents-utiles\/","og_site_name":"Gestion Balance","article_modified_time":"2022-09-27T11:20:15+00:00","og_image":[{"width":1000,"height":1000,"url":"https:\/\/balance.lu\/wordpress\/wp-content\/uploads\/2022\/06\/Gestion_Balance_Documents_PDF_Luxembourg_Luxemburg.jpg","type":"image\/jpeg"}],"twitter_card":"summary_large_image","twitter_misc":{"Gesch\u00e4tzte Lesezeit":"16\u00a0Minuten"},"schema":{"@context":"https:\/\/schema.org","@graph":[{"@type":"WebPage","@id":"https:\/\/balance.lu\/wordpress\/documents-utiles\/","url":"https:\/\/balance.lu\/wordpress\/documents-utiles\/","name":"Documents utiles - Gestion Balance Luxembourg","isPartOf":{"@id":"https:\/\/balance.lu\/wordpress\/#website"},"datePublished":"2022-06-29T20:12:39+00:00","dateModified":"2022-09-27T11:20:15+00:00","description":"Documents Utiles propri\u00e9t\u00e9 immobiliers t\u00e9l\u00e9charger t\u00e9l\u00e9chargement t\u00e9l\u00e9chargez gestion immobili\u00e8re, d\u00e9compte locataire, d\u00e9compte propri\u00e9taire","breadcrumb":{"@id":"https:\/\/balance.lu\/wordpress\/documents-utiles\/#breadcrumb"},"inLanguage":"de","potentialAction":[{"@type":"ReadAction","target":["https:\/\/balance.lu\/wordpress\/documents-utiles\/"]}]},{"@type":"BreadcrumbList","@id":"https:\/\/balance.lu\/wordpress\/documents-utiles\/#breadcrumb","itemListElement":[{"@type":"ListItem","position":1,"name":"Startseite","item":"https:\/\/balance.lu\/wordpress\/"},{"@type":"ListItem","position":2,"name":"Documents utiles"}]},{"@type":"WebSite","@id":"https:\/\/balance.lu\/wordpress\/#website","url":"https:\/\/balance.lu\/wordpress\/","name":"Gestion Balance","description":"G\u00c9RANCE ADMINISTRATIVE ET TECHNIQUE  DE VOS IMMEUBLES COPROPRI\u00c9T\u00c9","publisher":{"@id":"https:\/\/balance.lu\/wordpress\/#organization"},"potentialAction":[{"@type":"SearchAction","target":{"@type":"EntryPoint","urlTemplate":"https:\/\/balance.lu\/wordpress\/?s={search_term_string}"},"query-input":"required name=search_term_string"}],"inLanguage":"de"},{"@type":"Organization","@id":"https:\/\/balance.lu\/wordpress\/#organization","name":"Gestion Balance","url":"https:\/\/balance.lu\/wordpress\/","logo":{"@type":"ImageObject","inLanguage":"de","@id":"https:\/\/balance.lu\/wordpress\/#\/schema\/logo\/image\/","url":"https:\/\/balance.lu\/wordpress\/wp-content\/uploads\/2022\/06\/Logo-Gestion-Balance_luxembourg.jpg","contentUrl":"https:\/\/balance.lu\/wordpress\/wp-content\/uploads\/2022\/06\/Logo-Gestion-Balance_luxembourg.jpg","width":804,"height":1035,"caption":"Gestion Balance"},"image":{"@id":"https:\/\/balance.lu\/wordpress\/#\/schema\/logo\/image\/"}}]}},"_links":{"self":[{"href":"https:\/\/balance.lu\/wordpress\/wp-json\/wp\/v2\/pages\/107","targetHints":{"allow":["GET"]}}],"collection":[{"href":"https:\/\/balance.lu\/wordpress\/wp-json\/wp\/v2\/pages"}],"about":[{"href":"https:\/\/balance.lu\/wordpress\/wp-json\/wp\/v2\/types\/page"}],"author":[{"embeddable":true,"href":"https:\/\/balance.lu\/wordpress\/wp-json\/wp\/v2\/users\/1"}],"replies":[{"embeddable":true,"href":"https:\/\/balance.lu\/wordpress\/wp-json\/wp\/v2\/comments?post=107"}],"version-history":[{"count":28,"href":"https:\/\/balance.lu\/wordpress\/wp-json\/wp\/v2\/pages\/107\/revisions"}],"predecessor-version":[{"id":331,"href":"https:\/\/balance.lu\/wordpress\/wp-json\/wp\/v2\/pages\/107\/revisions\/331"}],"wp:featuredmedia":[{"embeddable":true,"href":"https:\/\/balance.lu\/wordpress\/wp-json\/wp\/v2\/media\/251"}],"wp:attachment":[{"href":"https:\/\/balance.lu\/wordpress\/wp-json\/wp\/v2\/media?parent=107"}],"curies":[{"name":"wp","href":"https:\/\/api.w.org\/{rel}","templated":true}]}}